{"id":306,"date":"2017-05-22T08:38:02","date_gmt":"2017-05-22T06:38:02","guid":{"rendered":"http:\/\/www2.prva.hr\/?page_id=306"},"modified":"2024-07-03T11:37:43","modified_gmt":"2024-07-03T09:37:43","slug":"zivotopisi-profesora","status":"publish","type":"page","link":"https:\/\/prva.hr\/index.php\/zivotopisi-profesora\/","title":{"rendered":"\u017dIVOTOPISI PROFESORA"},"content":{"rendered":"\n<p><\/p>\n\n\n\n<figure class=\"wp-block-table is-style-regular\"><table><tbody><tr><td><a href=\"https:\/\/www.prva.hr\/wp-content\/uploads\/2018\/03\/Tinka-Barbutov-Krsteva.pdf\">Barbutov Krsteva, Tinka&nbsp;<\/a><\/td><td>stru\u010dna suradnica knji\u017eni\u010darka<\/td><\/tr><tr><td><a href=\"https:\/\/www.prva.hr\/wp-content\/uploads\/2024\/05\/Banozic.pdf\" data-type=\"URL\" data-id=\"https:\/\/www.prva.hr\/wp-content\/uploads\/2024\/05\/Banozic.pdf\" target=\"_blank\" rel=\"noreferrer noopener\">Bano\u017ei\u0107, Tatjana<\/a><\/td><td>prof. njema\u010dkog jezika i francuskog jezika<\/td><\/tr><tr><td><a href=\"https:\/\/www.prva.hr\/wp-content\/uploads\/2018\/04\/Begi\u0107.pdf\">Begi\u0107, Helena<\/a><\/td><td>prof. hrvatskog jezika<\/td><\/tr><tr><td><a rel=\"noreferrer noopener\" href=\"https:\/\/www.prva.hr\/wp-content\/uploads\/2020\/10\/MajaCubranic.pdf\" target=\"_blank\">\u010cubrani\u0107, Maja<\/a><\/td><td>prof. latinskog jezika<\/td><\/tr><tr><td><a href=\"https:\/\/www.prva.hr\/wp-content\/uploads\/2018\/03\/Fer\u010dek.pdf\">Fer\u010dek, Maja&nbsp;<\/a><\/td><td>prof. likovne umjetnosti<\/td><\/tr><tr><td><a href=\"https:\/\/www.prva.hr\/wp-content\/uploads\/2024\/05\/Heinrich.pdf\" data-type=\"URL\" data-id=\"https:\/\/www.prva.hr\/wp-content\/uploads\/2024\/05\/Heinrich.pdf\" target=\"_blank\" rel=\"noreferrer noopener\">Heinrich, Nenad<\/a><\/td><td>prof. fizike<\/td><\/tr><tr><td><a href=\"https:\/\/www.prva.hr\/wp-content\/uploads\/2024\/05\/Homan.pdf\" data-type=\"URL\" data-id=\"https:\/\/www.prva.hr\/wp-content\/uploads\/2024\/05\/Homan.pdf\" target=\"_blank\" rel=\"noreferrer noopener\">Homan, Susanne- Gordana<\/a><\/td><td>prof. psihologije<\/td><\/tr><tr><td><a href=\"https:\/\/www.prva.hr\/index.php\/damir-krsic\/\">Kr\u0161i\u0107, Damir<\/a><\/td><td>prof. TZK-a<\/td><\/tr><tr><td><a href=\"https:\/\/www.prva.hr\/wp-content\/uploads\/2024\/05\/Liber.pdf\" data-type=\"URL\" data-id=\"https:\/\/www.prva.hr\/wp-content\/uploads\/2024\/05\/Liber.pdf\" target=\"_blank\" rel=\"noreferrer noopener\">Liber, Snje\u017eana<\/a><\/td><td>prof. kemije<\/td><\/tr><tr><td><a href=\"http:\/\/www.prva.hr\/images\/pdf\/Andrija%20Lovric,%20prof..docx\" data-type=\"URL\" data-id=\"http:\/\/www.prva.hr\/images\/pdf\/Andrija%20Lovric,%20prof..docx\" target=\"_blank\" rel=\"noreferrer noopener\">Lovri\u0107, Andrija<\/a><\/td><td>prof. povijesti<\/td><\/tr><tr><td><a href=\"https:\/\/www.prva.hr\/wp-content\/uploads\/2024\/07\/Lukacevic-zivotopis-last.pdf\" data-type=\"URL\" data-id=\"https:\/\/www.prva.hr\/wp-content\/uploads\/2024\/07\/Lukacevic-zivotopis-last.pdf\" target=\"_blank\" rel=\"noreferrer noopener\">Luka\u010devi\u0107, Vlasta<\/a><\/td><td>stru\u010dna suradnica psihologinja<\/td><\/tr><tr><td><a href=\"https:\/\/www.prva.hr\/index.php\/ivica-mandusic\/\">Mandu\u0161i\u0107, Ivica<\/a><\/td><td>prof. povijesti<\/td><\/tr><tr><td><a href=\"https:\/\/www.prva.hr\/index.php\/goranka-markovic\/\">Markovi\u0107, Goranka<\/a><\/td><td>prof. geografije<\/td><\/tr><tr><td><a href=\"https:\/\/www.prva.hr\/wp-content\/uploads\/2018\/03\/cv-hrvatski.pdf\">Maru\u0161i\u0107 Brezeti\u0107, Dunja&nbsp;<\/a><\/td><td>ravnateljica \u0161kole<\/td><\/tr><tr><td><a href=\"https:\/\/www.prva.hr\/wp-content\/uploads\/2024\/05\/Math.pdf\" data-type=\"URL\" data-id=\"https:\/\/www.prva.hr\/wp-content\/uploads\/2024\/05\/Math.pdf\" target=\"_blank\" rel=\"noreferrer noopener\">Math, Donat<\/a><\/td><td>prof. njema\u010dkog jezika<\/td><\/tr><tr><td><a href=\"https:\/\/www.prva.hr\/index.php\/meri-matusan\/\">Matu\u0161an, Meri<\/a><\/td><td>prof. TZK-a<\/td><\/tr><tr><td><a href=\"https:\/\/www.prva.hr\/wp-content\/uploads\/2018\/03\/Zovem-se-Hajnalka-Moln\u00e1r.pdf\">Molnar, Hajnalka&nbsp;<\/a><\/td><td>prof. ma\u0111arskog jezika<\/td><\/tr><tr><td><a href=\"https:\/\/www.prva.hr\/index.php\/suzana-nebeski-hostic\/\">Nebeski-Hosti\u0107, Suzana<\/a><\/td><td>prof. geografije<\/td><\/tr><tr><td><a href=\"https:\/\/www.prva.hr\/wp-content\/uploads\/2024\/05\/Opatic-Sanuri.pdf\" data-type=\"URL\" data-id=\"https:\/\/www.prva.hr\/wp-content\/uploads\/2024\/05\/Opatic-Sanuri.pdf\" target=\"_blank\" rel=\"noreferrer noopener\">Opati\u0107 Sanuri, Dunja<\/a><\/td><td>prof. engleskog jezika<\/td><\/tr><tr><td><a href=\"https:\/\/www.prva.hr\/index.php\/zlata-pastar\/\">Pa\u0161tar, Zlata<\/a><\/td><td>prof. sociologije, politike i gospodarstva, etike<\/td><\/tr><tr><td><a href=\"https:\/\/www.prva.hr\/wp-content\/uploads\/2024\/05\/Romac.pdf\" data-type=\"URL\" data-id=\"https:\/\/www.prva.hr\/wp-content\/uploads\/2024\/05\/Romac.pdf\" target=\"_blank\" rel=\"noreferrer noopener\">Romac, Marina<\/a><\/td><td>prof. engleskog jezika<\/td><\/tr><tr><td><a href=\"https:\/\/www.prva.hr\/index.php\/gordana-sekulic-stivcevic\/\">Sekuli\u0107-\u0160tiv\u010devi\u0107, Gordana<\/a><\/td><td>prof. informatike<\/td><\/tr><tr><td><a href=\"https:\/\/www.prva.hr\/wp-content\/uploads\/2024\/05\/Sikavica-Joler.pdf\" data-type=\"URL\" data-id=\"https:\/\/www.prva.hr\/wp-content\/uploads\/2024\/05\/Sikavica-Joler.pdf\" target=\"_blank\" rel=\"noreferrer noopener\">Sikavica Joler, Antonija&nbsp;<\/a><\/td><td>prof. hrvatskog jezika<\/td><\/tr><tr><td><a href=\"https:\/\/www.prva.hr\/wp-content\/uploads\/2024\/05\/Sruk.pdf\" data-type=\"URL\" data-id=\"https:\/\/www.prva.hr\/wp-content\/uploads\/2024\/05\/Sruk.pdf\" target=\"_blank\" rel=\"noreferrer noopener\">Sruk, Sanja<\/a><\/td><td>prof. matematike<\/td><\/tr><tr><td><a href=\"https:\/\/www.prva.hr\/wp-content\/uploads\/2024\/05\/Suboticanec.pdf\" data-type=\"URL\" data-id=\"https:\/\/www.prva.hr\/wp-content\/uploads\/2024\/05\/Suboticanec.pdf\" target=\"_blank\" rel=\"noreferrer noopener\">Suboti\u010danec, Iva<\/a><\/td><td>prof. matematike<\/td><\/tr><tr><td><a href=\"https:\/\/www.prva.hr\/wp-content\/uploads\/2024\/05\/Suceska.pdf\" data-type=\"URL\" data-id=\"https:\/\/www.prva.hr\/wp-content\/uploads\/2024\/05\/Suceska.pdf\" target=\"_blank\" rel=\"noreferrer noopener\">Su\u0107eska, Alen&nbsp;<\/a><\/td><td>prof. etike, filozofije i logike<\/td><\/tr><tr><td><a rel=\"noreferrer noopener\" href=\"https:\/\/www.prva.hr\/wp-content\/uploads\/2020\/10\/Maja_Zitko.pdf\" target=\"_blank\">\u017ditko, Maja<\/a><\/td><td>prof. matematike<\/td><\/tr><tr><td><a href=\"https:\/\/www.prva.hr\/wp-content\/uploads\/2024\/05\/Zucko.pdf\" data-type=\"URL\" data-id=\"https:\/\/www.prva.hr\/wp-content\/uploads\/2024\/05\/Zucko.pdf\" target=\"_blank\" rel=\"noreferrer noopener\">\u017du\u010dko, \u017deljka<\/a><\/td><td>prof. povijesti<\/td><\/tr><\/tbody><\/table><\/figure>\n\n\n<p><\/p>","protected":false},"excerpt":{"rendered":"<p>Barbutov Krsteva, Tinka&nbsp; stru\u010dna suradnica knji\u017eni\u010darka Bano\u017ei\u0107, Tatjana prof. njema\u010dkog jezika i francuskog jezika Begi\u0107, Helena prof. hrvatskog jezika \u010cubrani\u0107, Maja prof. latinskog jezika Fer\u010dek, Maja&nbsp; prof. likovne umjetnosti Heinrich, Nenad prof. fizike Homan, Susanne- Gordana prof. psihologije Kr\u0161i\u0107, Damir prof. TZK-a Liber, Snje\u017eana prof. kemije Lovri\u0107, Andrija prof. povijesti Luka\u010devi\u0107, Vlasta stru\u010dna suradnica psihologinja [&hellip;]<\/p>\n","protected":false},"author":1,"featured_media":0,"parent":0,"menu_order":0,"comment_status":"closed","ping_status":"closed","template":"","meta":{"_et_pb_use_builder":"","_et_pb_old_content":"","_et_gb_content_width":"","footnotes":""},"class_list":["post-306","page","type-page","status-publish","hentry"],"_links":{"self":[{"href":"https:\/\/prva.hr\/index.php\/wp-json\/wp\/v2\/pages\/306","targetHints":{"allow":["GET"]}}],"collection":[{"href":"https:\/\/prva.hr\/index.php\/wp-json\/wp\/v2\/pages"}],"about":[{"href":"https:\/\/prva.hr\/index.php\/wp-json\/wp\/v2\/types\/page"}],"author":[{"embeddable":true,"href":"https:\/\/prva.hr\/index.php\/wp-json\/wp\/v2\/users\/1"}],"replies":[{"embeddable":true,"href":"https:\/\/prva.hr\/index.php\/wp-json\/wp\/v2\/comments?post=306"}],"version-history":[{"count":27,"href":"https:\/\/prva.hr\/index.php\/wp-json\/wp\/v2\/pages\/306\/revisions"}],"predecessor-version":[{"id":18042,"href":"https:\/\/prva.hr\/index.php\/wp-json\/wp\/v2\/pages\/306\/revisions\/18042"}],"wp:attachment":[{"href":"https:\/\/prva.hr\/index.php\/wp-json\/wp\/v2\/media?parent=306"}],"curies":[{"name":"wp","href":"https:\/\/api.w.org\/{rel}","templated":true}]}}